{"id":5257,"date":"2020-04-22T15:26:55","date_gmt":"2020-04-22T15:26:55","guid":{"rendered":"https:\/\/interreg-core.eu\/interreg-core-ri-buruz\/socios\/"},"modified":"2020-10-28T09:00:12","modified_gmt":"2020-10-28T09:00:12","slug":"kideak","status":"publish","type":"page","link":"https:\/\/interreg-core.eu\/eu\/interreg-core-ri-buruz\/kideak\/","title":{"rendered":"Kideak"},"content":{"rendered":"<div class=\"flex_column av_one_full  flex_column_div av-zero-column-padding first  avia-builder-el-0  el_before_av_section  avia-builder-el-no-sibling  \" style='border-radius:0px; '><div  style='padding-bottom:10px; ' class='av-special-heading av-special-heading-h1  blockquote modern-quote  avia-builder-el-1  avia-builder-el-no-sibling  '><h1 class='av-special-heading-tag '  itemprop=\"headline\"  >CORE proiektuko kideak<\/h1><div class='special-heading-border'><div class='special-heading-inner-border' ><\/div><\/div><\/div><\/div>\n<\/div><\/div><\/div><!-- close content main div --><\/div><\/div><div id='av_section_1'  class='avia-section main_color avia-section-default avia-no-border-styling  avia-bg-style-scroll  avia-builder-el-2  el_after_av_one_full  el_before_av_section   container_wrap sidebar_right' style=' '  ><div class='container' ><div class='template-page content  av-content-small alpha units'><div class='post-entry post-entry-type-page post-entry-5257'><div class='entry-content-wrapper clearfix'>\n<div class=\"flex_column av_one_fourth  flex_column_div av-zero-column-padding first  avia-builder-el-3  el_before_av_three_fourth  avia-builder-el-first  \" style='border-radius:0px; '><div  class='avia-image-container  av-styling-    avia-builder-el-4  avia-builder-el-no-sibling  avia-align-center '  itemprop=\"image\" itemscope=\"itemscope\" itemtype=\"https:\/\/schema.org\/ImageObject\"  ><div class='avia-image-container-inner'><div class='avia-image-overlay-wrap'><img class='avia_image' src='https:\/\/interreg-core.eu\/wp-content\/uploads\/2020\/10\/guipuzkoamerkataria.png' alt='' title='guipuzkoamerkataria' height=\"99\" width=\"300\"  itemprop=\"thumbnailUrl\"  \/><\/div><\/div><\/div><\/div><div class=\"flex_column av_three_fourth  flex_column_div av-zero-column-padding   avia-builder-el-5  el_after_av_one_fourth  avia-builder-el-last  \" style='border-radius:0px; '><section class=\"av_textblock_section \"  itemscope=\"itemscope\" itemtype=\"https:\/\/schema.org\/CreativeWork\" ><div class='avia_textblock  '   itemprop=\"text\" ><h5>Gipuzkoako Merkataritza Federazioa<\/h5>\n<p>Irabazi-asmorik gabeko elkartea, Gipuzkoako 22 elkartek eta 1.486 afiliatuk osatua. Negoziazio kolektiboak, prestakuntza eta merkataritza-sustapenak egiten ditu, bai eta merkataritza digitalizatzeko ekintzak ere.<\/p>\n<p>CORE proiektuak Gipuzkoako Merkataritza Federazioa du buru.<\/p>\n<p><a href=\"http:\/\/www.fmg.es\/\" target=\"_blank\" rel=\"noopener noreferrer\">Gipuzkoako Merkataritza Federazioari buruzko argibide gehiago<\/a><\/p>\n<\/div><\/section><\/div><\/div><\/div><\/div><!-- close content main div --><\/div><\/div><div id='av_section_2'  class='avia-section main_color avia-section-default avia-no-border-styling  avia-bg-style-scroll  avia-builder-el-7  el_after_av_section  el_before_av_section   container_wrap sidebar_right' style=' '  ><div class='container' ><div class='template-page content  av-content-small alpha units'><div class='post-entry post-entry-type-page post-entry-5257'><div class='entry-content-wrapper clearfix'>\n<div class=\"flex_column av_one_fourth  flex_column_div av-zero-column-padding first  avia-builder-el-8  el_before_av_three_fourth  avia-builder-el-first  \" style='border-radius:0px; '><div  class='avia-image-container  av-styling-    avia-builder-el-9  avia-builder-el-no-sibling  avia-align-center '  itemprop=\"image\" itemscope=\"itemscope\" itemtype=\"https:\/\/schema.org\/ImageObject\"  ><div class='avia-image-container-inner'><div class='avia-image-overlay-wrap'><img class='avia_image' src='https:\/\/interreg-core.eu\/wp-content\/uploads\/2020\/05\/aenkomer-300x200.jpg' alt='' title='aenkomer' height=\"200\" width=\"300\"  itemprop=\"thumbnailUrl\"  \/><\/div><\/div><\/div><\/div><div class=\"flex_column av_three_fourth  flex_column_div av-zero-column-padding   avia-builder-el-10  el_after_av_one_fourth  avia-builder-el-last  \" style='border-radius:0px; '><section class=\"av_textblock_section \"  itemscope=\"itemscope\" itemtype=\"https:\/\/schema.org\/CreativeWork\" ><div class='avia_textblock  '   itemprop=\"text\" ><h5>AENKOMER, Arabako Merkataritza eta Zerbitzuetako Enpresariak<\/h5>\n<p>Irabazi-asmorik gabeko erakundea, Arabako 30 elkartek eta 1.500 saltokik osatua. Elkarteko kideen ordezkari izatea eta prestakuntza ematea du helburu.<br \/>\nAENKOMER-ek digitalizazioaren alorrean lortu duen esperientzia ekarriko dio CORE proiektuari. Horrela, esate baterako, nabarmentzekoa da Gasteizko merkatuan egindako lana marketplace bat ezartzeko, posizionamenduarekin bilatzaileetan eta marketing intelligence-arekin.<\/p>\n<p><a href=\"https:\/\/www.aenkomer.com\/\" target=\"_blank\" rel=\"noopener noreferrer\">AENKOMER Arabako Merkataritza eta Zerbitzuetako Enpresariei buruzko argibide gehiago.<\/a><\/p>\n<\/div><\/section><\/div>\n<\/p>\n<\/div><\/div><\/div><!-- close content main div --><\/div><\/div><div id='av_section_3'  class='avia-section main_color avia-section-default avia-no-border-styling  avia-bg-style-scroll  avia-builder-el-12  el_after_av_section  el_before_av_section   container_wrap sidebar_right' style=' '  ><div class='container' ><div class='template-page content  av-content-small alpha units'><div class='post-entry post-entry-type-page post-entry-5257'><div class='entry-content-wrapper clearfix'>\n<div class=\"flex_column av_one_fourth  flex_column_div av-zero-column-padding first  avia-builder-el-13  el_before_av_three_fourth  avia-builder-el-first  \" style='border-radius:0px; '><div  class='avia-image-container  av-styling-    avia-builder-el-14  avia-builder-el-no-sibling  avia-align-center '  itemprop=\"image\" itemscope=\"itemscope\" itemtype=\"https:\/\/schema.org\/ImageObject\"  ><div class='avia-image-container-inner'><div class='avia-image-overlay-wrap'><img class='avia_image' src='https:\/\/interreg-core.eu\/wp-content\/uploads\/2020\/05\/ayto-pamplona-300x200.jpg' alt='' title='ayto-pamplona' height=\"200\" width=\"300\"  itemprop=\"thumbnailUrl\"  \/><\/div><\/div><\/div><\/div><div class=\"flex_column av_three_fourth  flex_column_div av-zero-column-padding   avia-builder-el-15  el_after_av_one_fourth  avia-builder-el-last  \" style='border-radius:0px; '><section class=\"av_textblock_section \"  itemscope=\"itemscope\" itemtype=\"https:\/\/schema.org\/CreativeWork\" ><div class='avia_textblock  '   itemprop=\"text\" ><h5>Iru\u00f1eko Udala<\/h5>\n<p>Iru\u00f1eko Udaleko Merkataritza Zerbitzuak helburu du laguntza ematea eta sustapena eta garapena erraztea Nafarroako hiriburuan diren 2.650 saltokiei. Lehiakortasuna hobetzeko programak ere egiten ditu: prestakuntza eta laguntza teknikoa merkataritzan. Azkenik, merkataritza- eta enpresa-kudeaketako aholkularitza teknikoko programak diseinatu eta koordinatzen ditu, ETEentzat.<br \/>\nCORE proiektuaren kasuan, Iru\u00f1eko Udalak gainbegiratu eta kudeatuko du komunikazioarekin lotutako partea.<\/p>\n<p><a href=\"http:\/\/www.pamplona.es\" target=\"_blank\" rel=\"noopener noreferrer\">Iru\u00f1eko Udalari buruzko argibide gehiago<\/a><\/p>\n<\/div><\/section><\/div>\n\n<\/div><\/div><\/div><!-- close content main div --><\/div><\/div><div id='av_section_4'  class='avia-section main_color avia-section-default avia-no-border-styling  avia-bg-style-scroll  avia-builder-el-17  el_after_av_section  el_before_av_section   container_wrap sidebar_right' style=' '  ><div class='container' ><div class='template-page content  av-content-small alpha units'><div class='post-entry post-entry-type-page post-entry-5257'><div class='entry-content-wrapper clearfix'>\n<div class=\"flex_column av_one_fourth  flex_column_div av-zero-column-padding first  avia-builder-el-18  el_before_av_three_fourth  avia-builder-el-first  \" style='border-radius:0px; '><div  class='avia-image-container  av-styling-    avia-builder-el-19  avia-builder-el-no-sibling  avia-align-center '  itemprop=\"image\" itemscope=\"itemscope\" itemtype=\"https:\/\/schema.org\/ImageObject\"  ><div class='avia-image-container-inner'><div class='avia-image-overlay-wrap'><img class='avia_image' src='https:\/\/interreg-core.eu\/wp-content\/uploads\/2020\/07\/CCI-PAU-BEARN.png' alt='' title='CCI-PAU-BEARN' height=\"200\" width=\"300\"  itemprop=\"thumbnailUrl\"  \/><\/div><\/div><\/div><\/div><div class=\"flex_column av_three_fourth  flex_column_div av-zero-column-padding   avia-builder-el-20  el_after_av_one_fourth  avia-builder-el-last  \" style='border-radius:0px; '><section class=\"av_textblock_section \"  itemscope=\"itemscope\" itemtype=\"https:\/\/schema.org\/CreativeWork\" ><div class='avia_textblock  '   itemprop=\"text\" ><h5>Chambre de Commerce et D\u2019Industrie Pau Bearn<\/h5>\n<p>Frantziako Bearno eskualdeko merkatarien plataforma kolektiboa; 1.500 saltoki inguru biltzen ditu eta, besteak beste, prestakuntza-lantegiak eskaintzen ditu.<br \/>\nCORE proiektuan, Cambre de Commerce et D\u2019Industrie Pau Bearn ganberaren eginkizun nagusia izanen da elkarteko kideak sentsibilizatzea konturatzeko sare sozialetako nortasun digitala sortzea eta hori sustatzea duen garrantziaz.<\/p>\n<p><a href=\"http:\/\/www.pau.cci.fr\" target=\"_blank\" rel=\"noopener noreferrer\">Chambre de Commerce et D\u2019Industrie Pau Bearn-i buruzko argibide gehiago<\/a><\/p>\n<\/div><\/section><\/div>\n\n<\/div><\/div><\/div><!-- close content main div --><\/div><\/div><div id='av_section_5'  class='avia-section main_color avia-section-default avia-no-border-styling  avia-bg-style-scroll  avia-builder-el-22  el_after_av_section  el_before_av_section   container_wrap sidebar_right' style=' '  ><div class='container' ><div class='template-page content  av-content-small alpha units'><div class='post-entry post-entry-type-page post-entry-5257'><div class='entry-content-wrapper clearfix'>\n<div class=\"flex_column av_one_fourth  flex_column_div av-zero-column-padding first  avia-builder-el-23  el_before_av_three_fourth  avia-builder-el-first  \" style='border-radius:0px; '><div  class='avia-image-container  av-styling-    avia-builder-el-24  avia-builder-el-no-sibling  avia-align-center '  itemprop=\"image\" itemscope=\"itemscope\" itemtype=\"https:\/\/schema.org\/ImageObject\"  ><div class='avia-image-container-inner'><div class='avia-image-overlay-wrap'><img class='avia_image' src='https:\/\/interreg-core.eu\/wp-content\/uploads\/2020\/05\/cci-toulouse-300x200.jpg' alt='' title='cci-toulouse' height=\"200\" width=\"300\"  itemprop=\"thumbnailUrl\"  \/><\/div><\/div><\/div><\/div><div class=\"flex_column av_three_fourth  flex_column_div av-zero-column-padding   avia-builder-el-25  el_after_av_one_fourth  avia-builder-el-last  \" style='border-radius:0px; '><section class=\"av_textblock_section \"  itemscope=\"itemscope\" itemtype=\"https:\/\/schema.org\/CreativeWork\" ><div class='avia_textblock  '   itemprop=\"text\" ><h5>Chambre de Commerce et D\u2019Industrie de Toulouse<\/h5>\n<p>Tolosako Chambre de Commerce et D\u2019Industrie ganberak bere lurraldeko enpresa txikiei laguntza ematen die araudiaren, merkataritza-garapenaren, kudeaketaren eta aldaketa ekonomikoaren alorretan, teknologia digitala barne.<br \/>\nCORErekin, lehenengo aldiz hartu du parte halako ezaugarriak dituen Europako proiektu batean.<\/p>\n<p><a href=\"http:\/\/www.toulouse.cci.fr\" target=\"_blank\" rel=\"noopener noreferrer\">Tolosako Chambre de Commerce et D\u2019Industrie-ri buruzko argibide gehiago<\/a><\/p>\n<\/div><\/section><\/div>\n\n<\/div><\/div><\/div><!-- close content main div --><\/div><\/div><div id='av_section_6'  class='avia-section main_color avia-section-default avia-no-border-styling  avia-bg-style-scroll  avia-builder-el-27  el_after_av_section  el_before_av_section   container_wrap sidebar_right' style=' '  ><div class='container' ><div class='template-page content  av-content-small alpha units'><div class='post-entry post-entry-type-page post-entry-5257'><div class='entry-content-wrapper clearfix'>\n<div class=\"flex_column av_one_fourth  flex_column_div av-zero-column-padding first  avia-builder-el-28  el_before_av_three_fourth  avia-builder-el-first  \" style='border-radius:0px; '><div  class='avia-image-container  av-styling-    avia-builder-el-29  avia-builder-el-no-sibling  avia-align-center '  itemprop=\"image\" itemscope=\"itemscope\" itemtype=\"https:\/\/schema.org\/ImageObject\"  ><div class='avia-image-container-inner'><div class='avia-image-overlay-wrap'><img class='avia_image' src='https:\/\/interreg-core.eu\/wp-content\/uploads\/2020\/09\/toulouse.png' alt='' title='toulouse' height=\"200\" width=\"300\"  itemprop=\"thumbnailUrl\"  \/><\/div><\/div><\/div><\/div><div class=\"flex_column av_three_fourth  flex_column_div av-zero-column-padding   avia-builder-el-30  el_after_av_one_fourth  avia-builder-el-last  \" style='border-radius:0px; '><section class=\"av_textblock_section \"  itemscope=\"itemscope\" itemtype=\"https:\/\/schema.org\/CreativeWork\" ><div class='avia_textblock  '   itemprop=\"text\" ><h5>Tolosako Udala<\/h5>\n<p>Tolosako Udalaren helburu nagusietako bat da merkataritza-sektorearen garapena eta babesa, bereziki hiriaren erdigunean dagoenarena.<\/p>\n<p>COREren kasuan, sustapen- eta garapen-plan horren parteetako bat sustatzea da helburua, hain zuzen ere, Tolosaren erdigunean dauden saltokien ikusgarritasun digitala handitzeari dagokiona.<\/p>\n<p><a href=\"http:\/\/www.toulouse.fr\" target=\"_blank\" rel=\"noopener noreferrer\">Tolosako Udalari buruzko argibide gehiago<\/a><\/p>\n<\/div><\/section><\/div>\n\n<\/div><\/div><\/div><!-- close content main div --><\/div><\/div><div id='av_section_7'  class='avia-section main_color avia-section-default avia-no-border-styling  avia-bg-style-scroll  avia-builder-el-32  el_after_av_section  el_before_av_section   container_wrap sidebar_right' style=' '  ><div class='container' ><div class='template-page content  av-content-small alpha units'><div class='post-entry post-entry-type-page post-entry-5257'><div class='entry-content-wrapper clearfix'>\n<div class=\"flex_column av_one_fourth  flex_column_div av-zero-column-padding first  avia-builder-el-33  el_before_av_three_fourth  avia-builder-el-first  \" style='border-radius:0px; '><div  class='avia-image-container  av-styling-    avia-builder-el-34  avia-builder-el-no-sibling  avia-align-center '  itemprop=\"image\" itemscope=\"itemscope\" itemtype=\"https:\/\/schema.org\/ImageObject\"  ><div class='avia-image-container-inner'><div class='avia-image-overlay-wrap'><img class='avia_image' src='https:\/\/interreg-core.eu\/wp-content\/uploads\/2020\/07\/eurocat.png' alt='' title='eurocat' height=\"200\" width=\"300\"  itemprop=\"thumbnailUrl\"  \/><\/div><\/div><\/div><\/div><div class=\"flex_column av_three_fourth  flex_column_div av-zero-column-padding   avia-builder-el-35  el_after_av_one_fourth  avia-builder-el-last  \" style='border-radius:0px; '><section class=\"av_textblock_section \"  itemscope=\"itemscope\" itemtype=\"https:\/\/schema.org\/CreativeWork\" ><div class='avia_textblock  '   itemprop=\"text\" ><h5>Fundaci\u00f3 Eurecat<\/h5>\n<p>EURECAT Kataluniako zentro teknologiko nagusia da, eta Europako hegoaldeko ikerketa-erakunde pribatuetan bigarrena tamainari dagokionez. I+Gko 160 proiektu baino gehiagotan sartuta dago, eta, gaur egun, H2020 programari esker finantzatutako 70 proiektutan hartzen du parte. 1.000 bezero baino gehiagoko bezero-zorroa du, entitate publiko zein pribatuek osatua.<\/p>\n<p>COREn, helburu nagusia da laguntza teknikoa ematea gainerako bazkideei.<\/p>\n<p><a href=\"http:\/\/www.eurecat.org\" target=\"_blank\" rel=\"noopener noreferrer\">Fundaci\u00f3 Eurecat-i buruzko argibide gehiago<\/a><\/p>\n<\/div><\/section><\/div>\n\n<\/div><\/div><\/div><!-- close content main div --><\/div><\/div><div id='av_section_8'  class='avia-section main_color avia-section-default avia-no-border-styling  avia-bg-style-scroll  avia-builder-el-37  el_after_av_section  el_before_av_one_full   container_wrap sidebar_right' style=' '  ><div class='container' ><div class='template-page content  av-content-small alpha units'><div class='post-entry post-entry-type-page post-entry-5257'><div class='entry-content-wrapper clearfix'>\n<div class=\"flex_column av_one_fourth  flex_column_div av-zero-column-padding first  avia-builder-el-38  el_before_av_three_fourth  avia-builder-el-first  \" style='border-radius:0px; '><div  class='avia-image-container  av-styling-    avia-builder-el-39  avia-builder-el-no-sibling  avia-align-center '  itemprop=\"image\" itemscope=\"itemscope\" itemtype=\"https:\/\/schema.org\/ImageObject\"  ><div class='avia-image-container-inner'><div class='avia-image-overlay-wrap'><img class='avia_image' src='https:\/\/interreg-core.eu\/wp-content\/uploads\/2020\/07\/estia.png' alt='' title='estia' height=\"200\" width=\"300\"  itemprop=\"thumbnailUrl\"  \/><\/div><\/div><\/div><\/div><div class=\"flex_column av_three_fourth  flex_column_div av-zero-column-padding   avia-builder-el-40  el_after_av_one_fourth  el_before_av_one_full  \" style='border-radius:0px; '><section class=\"av_textblock_section \"  itemscope=\"itemscope\" itemtype=\"https:\/\/schema.org\/CreativeWork\" ><div class='avia_textblock  '   itemprop=\"text\" ><h5>\u00c9cole Sup\u00e9rieure de Technologies Industrielles Avanc\u00e9s<\/h5>\n<p>Goi mailako irakaskuntzako eta ikerketako instituzioa, Estia Tech-en bitartez instituzioaren beraren eta irtenbide teknologiko eta gaitasun berriak bilatzen dituzten enpresen arteko harremanak sustatzen dituena. Gainera, Digital Aquitaine-rekin elkarlanean aritzen da, laguntza-jarduera egiten duen entitatea.<\/p>\n<p>COREren bitartez, asmoa du Club Comercio Conectado proiektua sustatzea.<\/p>\n<p><a href=\"http:\/\/www.estia.fr\" target=\"_blank\" rel=\"noopener noreferrer\">\u00c9cole Sup\u00e9rieure de Technologies Industrielles Avanc\u00e9s-i buruzko argibide gehiago<\/a><\/p>\n<\/div><\/section><\/div><div class=\"flex_column av_one_full  flex_column_div av-zero-column-padding first  avia-builder-el-42  el_after_av_three_fourth  avia-builder-el-last  column-top-margin\" style='border-radius:0px; '><div  class='avia-image-container  av-styling-    avia-builder-el-43  avia-builder-el-no-sibling  avia-align-center '  itemprop=\"image\" itemscope=\"itemscope\" itemtype=\"https:\/\/schema.org\/ImageObject\"  ><div class='avia-image-container-inner'><div class='avia-image-overlay-wrap'><img class='avia_image' src='https:\/\/interreg-core.eu\/wp-content\/uploads\/2020\/09\/map.png' alt='' title='map' height=\"448\" width=\"1000\"  itemprop=\"thumbnailUrl\"  \/><\/div><\/div><\/div><\/div>\n<\/div><\/div><\/div><!-- close content main div --><\/div><\/div><div id='after_section_8'  class='main_color av_default_container_wrap container_wrap sidebar_right' style=' '  ><div class='container' ><div class='template-page content  av-content-small alpha units'><div class='post-entry post-entry-type-page post-entry-5257'><div class='entry-content-wrapper clearfix'>\n<div class=\"flex_column av_one_full  flex_column_div av-zero-column-padding first  avia-builder-el-44  el_after_av_section  el_before_av_section  avia-builder-el-no-sibling  \" style='border-radius:0px; '><div  style='padding-bottom:10px; ' class='av-special-heading av-special-heading-h3    avia-builder-el-45  avia-builder-el-no-sibling  '><h3 class='av-special-heading-tag '  itemprop=\"headline\"  >Laguntzaileak<\/h3><div class='special-heading-border'><div class='special-heading-inner-border' ><\/div><\/div><\/div><\/div>\n<\/div><\/div><\/div><!-- close content main div --><\/div><\/div><div id='av_section_9'  class='avia-section main_color avia-section-default avia-no-border-styling  avia-bg-style-scroll  avia-builder-el-46  el_after_av_one_full  el_before_av_section   container_wrap sidebar_right' style=' '  ><div class='container' ><div class='template-page content  av-content-small alpha units'><div class='post-entry post-entry-type-page post-entry-5257'><div class='entry-content-wrapper clearfix'>\n<div class=\"flex_column av_one_fourth  flex_column_div av-zero-column-padding first  avia-builder-el-47  el_before_av_three_fourth  avia-builder-el-first  \" style='border-radius:0px; '><div  class='avia-image-container  av-styling-    avia-builder-el-48  avia-builder-el-no-sibling  avia-align-center '  itemprop=\"image\" itemscope=\"itemscope\" itemtype=\"https:\/\/schema.org\/ImageObject\"  ><div class='avia-image-container-inner'><div class='avia-image-overlay-wrap'><img class='avia_image' src='https:\/\/interreg-core.eu\/wp-content\/uploads\/2020\/05\/ayto-barcelona-300x200.jpg' alt='' title='ayto-barcelona' height=\"200\" width=\"300\"  itemprop=\"thumbnailUrl\"  \/><\/div><\/div><\/div><\/div><div class=\"flex_column av_three_fourth  flex_column_div av-zero-column-padding   avia-builder-el-49  el_after_av_one_fourth  avia-builder-el-last  \" style='border-radius:0px; '><section class=\"av_textblock_section \"  itemscope=\"itemscope\" itemtype=\"https:\/\/schema.org\/CreativeWork\" ><div class='avia_textblock  '   itemprop=\"text\" ><h5>Bartzelonako Udala<\/h5>\n<p>Bartzelonako Udaleko Merkataritza Zerbitzuen zuzendaritzak gaur egun laguntza ematen die hiriko 147 merkataritza-elkarteko 10.704 saltokiri.<\/p>\n<p>COREn esperientziak, irizpideak, adierazleak, ebaluazio-sistemak eta jarduketa-estrategiak konpartituko dituzte. Horretaz gain, 50 pilotu eginen ditu Bartzelonako saltokietan.<\/p>\n<p><a href=\"http:\/\/www.barcelona.cat\" target=\"_blank\" rel=\"noopener noreferrer\">Bartzelonako Udalari buruzko argibide gehiago<\/a><\/p>\n<\/div><\/section><\/div>\n\n<\/div><\/div><\/div><!-- close content main div --><\/div><\/div><div id='av_section_10'  class='avia-section main_color avia-section-default avia-no-border-styling  avia-bg-style-scroll  avia-builder-el-51  el_after_av_section  el_before_av_section   container_wrap sidebar_right' style=' '  ><div class='container' ><div class='template-page content  av-content-small alpha units'><div class='post-entry post-entry-type-page post-entry-5257'><div class='entry-content-wrapper clearfix'>\n<div class=\"flex_column av_one_fourth  flex_column_div av-zero-column-padding first  avia-builder-el-52  el_before_av_three_fourth  avia-builder-el-first  \" style='border-radius:0px; '><div  class='avia-image-container  av-styling-    avia-builder-el-53  avia-builder-el-no-sibling  avia-align-center '  itemprop=\"image\" itemscope=\"itemscope\" itemtype=\"https:\/\/schema.org\/ImageObject\"  ><div class='avia-image-container-inner'><div class='avia-image-overlay-wrap'><img class='avia_image' src='https:\/\/interreg-core.eu\/wp-content\/uploads\/2020\/07\/centro-comercial-teruel.png' alt='' title='centro-comercial-teruel' height=\"200\" width=\"300\"  itemprop=\"thumbnailUrl\"  \/><\/div><\/div><\/div><\/div><div class=\"flex_column av_three_fourth  flex_column_div av-zero-column-padding   avia-builder-el-54  el_after_av_one_fourth  avia-builder-el-last  \" style='border-radius:0px; '><section class=\"av_textblock_section \"  itemscope=\"itemscope\" itemtype=\"https:\/\/schema.org\/CreativeWork\" ><div class='avia_textblock  '   itemprop=\"text\" ><h5>Terueleko Zentro Historikoko Merkatarien Elkartea<\/h5>\n<p>Irabazi-asmorik gabeko entitatea, 150 kide dituena; nabarmentzekoa da kideen heldutasun asoziatiboa ekonomia kolaboratiboko eta networking-eko proiektuei heltzeko. Zentzu horretan, entitate hori erreferente nazionala da merkataritza-kudeaketan.<\/p>\n<p>Terueleko Zentro Historikoko Merkatarien Elkarteak CORE proiektuari ekarriko dio digitalizazioaren arloan duen ezagutza edo knowhow\u2019 delakoa, eta 50 pilotu eginen ditu.<\/p>\n<p><a href=\"https:\/\/www.centrohistoricoteruel.com\/\" target=\"_blank\" rel=\"noopener noreferrer\">Terueleko Zentro Historikoko Merkatarien Elkarteari buruzko argibide gehiago<\/a><\/p>\n<\/div><\/section><\/div>\n\n<\/div><\/div><\/div><!-- close content main div --><\/div><\/div><div id='av_section_11'  class='avia-section main_color avia-section-default avia-no-border-styling  avia-bg-style-scroll  avia-builder-el-56  el_after_av_section  avia-builder-el-last   container_wrap sidebar_right' style=' '  ><div class='container' ><div class='template-page content  av-content-small alpha units'><div class='post-entry post-entry-type-page post-entry-5257'><div class='entry-content-wrapper clearfix'>\n<div class=\"flex_column av_one_fourth  flex_column_div av-zero-column-padding first  avia-builder-el-57  el_before_av_three_fourth  avia-builder-el-first  \" style='border-radius:0px; '><div  class='avia-image-container  av-styling-    avia-builder-el-58  avia-builder-el-no-sibling  avia-align-center '  itemprop=\"image\" itemscope=\"itemscope\" itemtype=\"https:\/\/schema.org\/ImageObject\"  ><div class='avia-image-container-inner'><div class='avia-image-overlay-wrap'><img class='avia_image' src='https:\/\/interreg-core.eu\/wp-content\/uploads\/2020\/05\/escpau-300x200.jpg' alt='' title='escpau' height=\"200\" width=\"300\"  itemprop=\"thumbnailUrl\"  \/><\/div><\/div><\/div><\/div><div class=\"flex_column av_three_fourth  flex_column_div av-zero-column-padding   avia-builder-el-59  el_after_av_one_fourth  avia-builder-el-last  \" style='border-radius:0px; '><section class=\"av_textblock_section \"  itemscope=\"itemscope\" itemtype=\"https:\/\/schema.org\/CreativeWork\" ><div class='avia_textblock  '   itemprop=\"text\" ><h5>\u00c9cole Sup\u00e9rieure de Commerce de Pau<\/h5>\n<p>Chambre de Commerce et D\u2019Industrie Pau Bearn-en merkataritza eta management eskola; zenbait ikasketa- eta prestakuntza-gradu ezarri ditu merkatarientzat, Kansaseko Unibertsitatearekin elkarlanean.<\/p>\n<p>Kasu honetan, funtzioa izanen du CORE proiektuak iraun bitartean sortzen diren jarduerei laguntzea; horretaz gain, bere Prestakuntza Planari erantsiko dizkio bertan sortzen diren emaitza eta aholkuak.<\/p>\n<p><a href=\"https:\/\/www.esc-pau.fr\/\" target=\"_blank\" rel=\"noopener noreferrer\">Paueko \u00c9cole Sup\u00e9rieure de Commerce-i buruzko argibide gehiago<\/a><\/p>\n<\/div><\/section><\/div>\n<\/div><\/div><\/div><!-- close content main div --><\/div><\/div><div id='after_section_11'  class='main_color av_default_container_wrap container_wrap sidebar_right' style=' '  ><div class='container' ><div class='template-page content  av-content-small alpha units'><div class='post-entry post-entry-type-page post-entry-5257'><div class='entry-content-wrapper clearfix'>\n","protected":false},"excerpt":{"rendered":"","protected":false},"author":3,"featured_media":0,"parent":5246,"menu_order":0,"comment_status":"closed","ping_status":"closed","template":"","meta":{"footnotes":""},"class_list":["post-5257","page","type-page","status-publish","hentry"],"yoast_head":"<!-- This site is optimized with the Yoast SEO plugin v27.4 - https:\/\/yoast.com\/product\/yoast-seo-wordpress\/ -->\n<title>Kideak - Interreg | Core<\/title>\n<meta name=\"robots\" content=\"index, follow, max-snippet:-1, max-image-preview:large, max-video-preview:-1\" \/>\n<link rel=\"canonical\" href=\"https:\/\/interreg-core.eu\/eu\/interreg-core-ri-buruz\/kideak\/\" \/>\n<meta property=\"og:locale\" content=\"eu_ES\" \/>\n<meta property=\"og:type\" content=\"article\" \/>\n<meta property=\"og:title\" content=\"Kideak - Interreg | Core\" \/>\n<meta property=\"og:url\" content=\"https:\/\/interreg-core.eu\/eu\/interreg-core-ri-buruz\/kideak\/\" \/>\n<meta property=\"og:site_name\" content=\"Interreg | Core\" \/>\n<meta property=\"article:modified_time\" content=\"2020-10-28T09:00:12+00:00\" \/>\n<meta name=\"twitter:card\" content=\"summary_large_image\" \/>\n<meta name=\"twitter:label1\" content=\"Est. reading time\" \/>\n\t<meta name=\"twitter:data1\" content=\"33 minutes\" \/>\n<script type=\"application\/ld+json\" class=\"yoast-schema-graph\">{\"@context\":\"https:\\\/\\\/schema.org\",\"@graph\":[{\"@type\":\"WebPage\",\"@id\":\"https:\\\/\\\/interreg-core.eu\\\/eu\\\/interreg-core-ri-buruz\\\/kideak\\\/\",\"url\":\"https:\\\/\\\/interreg-core.eu\\\/eu\\\/interreg-core-ri-buruz\\\/kideak\\\/\",\"name\":\"Kideak - Interreg | Core\",\"isPartOf\":{\"@id\":\"https:\\\/\\\/interreg-core.eu\\\/eu\\\/#website\"},\"datePublished\":\"2020-04-22T15:26:55+00:00\",\"dateModified\":\"2020-10-28T09:00:12+00:00\",\"breadcrumb\":{\"@id\":\"https:\\\/\\\/interreg-core.eu\\\/eu\\\/interreg-core-ri-buruz\\\/kideak\\\/#breadcrumb\"},\"inLanguage\":\"eu-ES\",\"potentialAction\":[{\"@type\":\"ReadAction\",\"target\":[\"https:\\\/\\\/interreg-core.eu\\\/eu\\\/interreg-core-ri-buruz\\\/kideak\\\/\"]}]},{\"@type\":\"BreadcrumbList\",\"@id\":\"https:\\\/\\\/interreg-core.eu\\\/eu\\\/interreg-core-ri-buruz\\\/kideak\\\/#breadcrumb\",\"itemListElement\":[{\"@type\":\"ListItem\",\"position\":1,\"name\":\"Portada\",\"item\":\"https:\\\/\\\/interreg-core.eu\\\/eu\\\/\"},{\"@type\":\"ListItem\",\"position\":2,\"name\":\"CORE-ri buruz\",\"item\":\"https:\\\/\\\/interreg-core.eu\\\/eu\\\/interreg-core-ri-buruz\\\/\"},{\"@type\":\"ListItem\",\"position\":3,\"name\":\"Kideak\"}]},{\"@type\":\"WebSite\",\"@id\":\"https:\\\/\\\/interreg-core.eu\\\/eu\\\/#website\",\"url\":\"https:\\\/\\\/interreg-core.eu\\\/eu\\\/\",\"name\":\"Interreg | Core\",\"description\":\"Interreg | Core\",\"potentialAction\":[{\"@type\":\"SearchAction\",\"target\":{\"@type\":\"EntryPoint\",\"urlTemplate\":\"https:\\\/\\\/interreg-core.eu\\\/eu\\\/?s={search_term_string}\"},\"query-input\":{\"@type\":\"PropertyValueSpecification\",\"valueRequired\":true,\"valueName\":\"search_term_string\"}}],\"inLanguage\":\"eu-ES\"}]}<\/script>\n<!-- \/ Yoast SEO plugin. -->","yoast_head_json":{"title":"Kideak - Interreg | Core","robots":{"index":"index","follow":"follow","max-snippet":"max-snippet:-1","max-image-preview":"max-image-preview:large","max-video-preview":"max-video-preview:-1"},"canonical":"https:\/\/interreg-core.eu\/eu\/interreg-core-ri-buruz\/kideak\/","og_locale":"eu_ES","og_type":"article","og_title":"Kideak - Interreg | Core","og_url":"https:\/\/interreg-core.eu\/eu\/interreg-core-ri-buruz\/kideak\/","og_site_name":"Interreg | Core","article_modified_time":"2020-10-28T09:00:12+00:00","twitter_card":"summary_large_image","twitter_misc":{"Est. reading time":"33 minutes"},"schema":{"@context":"https:\/\/schema.org","@graph":[{"@type":"WebPage","@id":"https:\/\/interreg-core.eu\/eu\/interreg-core-ri-buruz\/kideak\/","url":"https:\/\/interreg-core.eu\/eu\/interreg-core-ri-buruz\/kideak\/","name":"Kideak - Interreg | Core","isPartOf":{"@id":"https:\/\/interreg-core.eu\/eu\/#website"},"datePublished":"2020-04-22T15:26:55+00:00","dateModified":"2020-10-28T09:00:12+00:00","breadcrumb":{"@id":"https:\/\/interreg-core.eu\/eu\/interreg-core-ri-buruz\/kideak\/#breadcrumb"},"inLanguage":"eu-ES","potentialAction":[{"@type":"ReadAction","target":["https:\/\/interreg-core.eu\/eu\/interreg-core-ri-buruz\/kideak\/"]}]},{"@type":"BreadcrumbList","@id":"https:\/\/interreg-core.eu\/eu\/interreg-core-ri-buruz\/kideak\/#breadcrumb","itemListElement":[{"@type":"ListItem","position":1,"name":"Portada","item":"https:\/\/interreg-core.eu\/eu\/"},{"@type":"ListItem","position":2,"name":"CORE-ri buruz","item":"https:\/\/interreg-core.eu\/eu\/interreg-core-ri-buruz\/"},{"@type":"ListItem","position":3,"name":"Kideak"}]},{"@type":"WebSite","@id":"https:\/\/interreg-core.eu\/eu\/#website","url":"https:\/\/interreg-core.eu\/eu\/","name":"Interreg | Core","description":"Interreg | Core","potentialAction":[{"@type":"SearchAction","target":{"@type":"EntryPoint","urlTemplate":"https:\/\/interreg-core.eu\/eu\/?s={search_term_string}"},"query-input":{"@type":"PropertyValueSpecification","valueRequired":true,"valueName":"search_term_string"}}],"inLanguage":"eu-ES"}]}},"_links":{"self":[{"href":"https:\/\/interreg-core.eu\/eu\/wp-json\/wp\/v2\/pages\/5257","targetHints":{"allow":["GET"]}}],"collection":[{"href":"https:\/\/interreg-core.eu\/eu\/wp-json\/wp\/v2\/pages"}],"about":[{"href":"https:\/\/interreg-core.eu\/eu\/wp-json\/wp\/v2\/types\/page"}],"author":[{"embeddable":true,"href":"https:\/\/interreg-core.eu\/eu\/wp-json\/wp\/v2\/users\/3"}],"replies":[{"embeddable":true,"href":"https:\/\/interreg-core.eu\/eu\/wp-json\/wp\/v2\/comments?post=5257"}],"version-history":[{"count":2,"href":"https:\/\/interreg-core.eu\/eu\/wp-json\/wp\/v2\/pages\/5257\/revisions"}],"predecessor-version":[{"id":5453,"href":"https:\/\/interreg-core.eu\/eu\/wp-json\/wp\/v2\/pages\/5257\/revisions\/5453"}],"up":[{"embeddable":true,"href":"https:\/\/interreg-core.eu\/eu\/wp-json\/wp\/v2\/pages\/5246"}],"wp:attachment":[{"href":"https:\/\/interreg-core.eu\/eu\/wp-json\/wp\/v2\/media?parent=5257"}],"curies":[{"name":"wp","href":"https:\/\/api.w.org\/{rel}","templated":true}]}}